{"id":1639,"date":"2025-12-23T18:00:09","date_gmt":"2025-12-23T16:00:09","guid":{"rendered":"https:\/\/events.coachinginstitute.ro\/?post_type=speaker&#038;p=1639"},"modified":"2026-01-08T16:17:09","modified_gmt":"2026-01-08T14:17:09","slug":"radu-mindru","status":"publish","type":"speaker","link":"https:\/\/events.coachinginstitute.ro\/en\/speaker\/radu-mindru\/","title":{"rendered":"Radu M\u00eendru"},"content":{"rendered":"","protected":false},"featured_media":1657,"parent":0,"template":"","meta":{"_acf_changed":true,"_seopress_robots_primary_cat":"","_seopress_titles_title":"","_seopress_titles_desc":"","_seopress_robots_index":"","_kad_blocks_custom_css":"","_kad_blocks_head_custom_js":"","_kad_blocks_body_custom_js":"","_kad_blocks_footer_custom_js":"","_kad_post_transparent":"","_kad_post_title":"","_kad_post_layout":"","_kad_post_sidebar_id":"","_kad_post_content_style":"","_kad_post_vertical_padding":"","_kad_post_feature":"","_kad_post_feature_position":"","_kad_post_header":false,"_kad_post_footer":false,"_kad_post_classname":""},"tip-speaker":[24],"class_list":["post-1639","speaker","type-speaker","status-publish","has-post-thumbnail","hentry","tip-speaker-keynote-speaker"],"acf":{"ocupatie":"Team Effectiveness Coach (PCC, ACTC)","descriere":"Radu M\u00eendru este un \u201denabler\u201d al transform\u0103rii, sus\u021bin\u00e2nd organiza\u021bii, echipe de conducere \u0219i antreprenori \u00een definirea \u0219i implementarea schimb\u0103rilor de care au nevoie pentru a atinge obiective care sunt sau pot p\u0103rea \u2026departe. Proiectele care \u00eel motiveaz\u0103 sunt cele cu miz\u0103 \u0219i complexitate, care cer un redesign al ADN-ului echipei sau organiza\u021biei, la nivel de mindset, dinamic\u0103 de echip\u0103 \u0219i sistem de operare.\r\n\r\nRadu este recunoscut pentru abordarea sa direct\u0103 \u0219i strategic\u0103, prin care ajut\u0103 echipele s\u0103-\u0219i clarifice direc\u021bia, s\u0103 \u00ee\u0219i \u00een\u021beleag\u0103 blocajele \u0219i s\u0103 \u00ee\u0219i creasc\u0103 nivelul de maturitate \u0219i\r\nresponsabilitate colectiv\u0103. \u00cen procesul de team-coaching, el pune accent pe colaborarea con\u0219tient\u0103 \u0219i pe crearea unor mecanisme interne care sus\u021bin performan\u021ba pe termen lung.\r\n\r\n\u00cen cadrul conferin\u021bei, Radu va sus\u021bine prezentarea \u201eCreatorul de vid - Arta leaderului care nu \u00eempinge, ci invit\u0103\u201d. Inspirat din proverbul \u201dnu po\u021bi trage de firul de iarb\u0103 ca s\u0103 creasc\u0103 mai repede\u201d, workshopul \u00ee\u0219i propune s\u0103 ofere participan\u021bilor o experien\u021b\u0103 de explorare a mindsetului \u0219i a practicii de leadership, pornind de la dou\u0103 \u00eentreb\u0103ri provocatoare: Cum pot liderii construi spa\u021bii \u00een care oamenii cresc prin propria energie, nu prin push sau presiune? Care este rolul vidului ca for\u021b\u0103 organizatoare, ca teren al emergen\u021bei?\r\n\r\n\"Enable teams to go far!\u201d \u2014 Radu M\u00eendru"},"taxonomy_info":{"tip-speaker":[{"value":24,"label":"Keynote Speaker"}]},"featured_image_src_large":["https:\/\/events.coachinginstitute.ro\/wp-content\/uploads\/2026\/01\/Radu-Mandru-1024x1007.jpg",1024,1007,true],"author_info":[],"comment_info":"","_links":{"self":[{"href":"https:\/\/events.coachinginstitute.ro\/en\/wp-json\/wp\/v2\/speaker\/1639","targetHints":{"allow":["GET"]}}],"collection":[{"href":"https:\/\/events.coachinginstitute.ro\/en\/wp-json\/wp\/v2\/speaker"}],"about":[{"href":"https:\/\/events.coachinginstitute.ro\/en\/wp-json\/wp\/v2\/types\/speaker"}],"wp:featuredmedia":[{"embeddable":true,"href":"https:\/\/events.coachinginstitute.ro\/en\/wp-json\/wp\/v2\/media\/1657"}],"wp:attachment":[{"href":"https:\/\/events.coachinginstitute.ro\/en\/wp-json\/wp\/v2\/media?parent=1639"}],"wp:term":[{"taxonomy":"tip-speaker","embeddable":true,"href":"https:\/\/events.coachinginstitute.ro\/en\/wp-json\/wp\/v2\/tip-speaker?post=1639"}],"curies":[{"name":"wp","href":"https:\/\/api.w.org\/{rel}","templated":true}]}}